{"id":147,"date":"2023-01-09T18:35:21","date_gmt":"2023-01-09T17:35:21","guid":{"rendered":"https:\/\/fascia.cz\/wordpress\/?page_id=147"},"modified":"2023-01-09T18:35:21","modified_gmt":"2023-01-09T17:35:21","slug":"navstevni-rad","status":"publish","type":"page","link":"https:\/\/fascia.cz\/wordpress\/navstevni-rad\/","title":{"rendered":"N\u00e1v\u0161t\u011bvn\u00ed \u0159\u00e1d"},"content":{"rendered":"<p>[et_pb_section fb_built=&#8220;1&#8243; theme_builder_area=&#8220;post_content&#8220; _builder_version=&#8220;4.17.6&#8243; _module_preset=&#8220;default&#8220;][et_pb_row _builder_version=&#8220;4.17.6&#8243; _module_preset=&#8220;default&#8220; column_structure=&#8220;3_5,2_5&#8243; theme_builder_area=&#8220;post_content&#8220;][et_pb_column _builder_version=&#8220;4.17.6&#8243; _module_preset=&#8220;default&#8220; type=&#8220;3_5&#8243; theme_builder_area=&#8220;post_content&#8220;][et_pb_text _builder_version=&#8220;4.17.6&#8243; _module_preset=&#8220;default&#8220; theme_builder_area=&#8220;post_content&#8220; hover_enabled=&#8220;0&#8243; sticky_enabled=&#8220;0&#8243;]<\/p>\n<h1>N\u00e1v\u0161t\u011bvn\u00ed \u0159\u00e1d NZZ Fascia Clinic Prague s.r.o. \u2013 ordinace ambulantn\u00ed fyzioterapie<\/h1>\n<p>&nbsp;<\/p>\n<p><strong>Otv\u00edrac\u00ed<\/strong> <strong>doba:<\/strong> upravena po dohod\u011b s\u00a0klienty<\/p>\n<p><strong>Vstup:<\/strong> vstupn\u00ed dve\u0159e z\u00a0ulice do \u010dek\u00e1rny otv\u00edr\u00e1 fyzioterapeut<\/p>\n<p><strong>V\u00a0provozovn\u011b plat\u00ed tyto z\u00e1kazy: <\/strong>kou\u0159en\u00ed<strong>,\u00a0<\/strong>vn\u00e1\u0161en\u00ed a konzumace alkoholu nebo jin\u00fdch n\u00e1vykov\u00fdch l\u00e1tek<strong>,<\/strong> vstup zv\u00ed\u0159at s v\u00fdjimkou asisten\u010dn\u00edch a vod\u00edc\u00edch ps\u016f, vn\u00e1\u0161en\u00ed nebezpe\u010dn\u00fdch p\u0159edm\u011bt\u016f a cennost\u00ed.<\/p>\n<p><strong>Klienti nesm\u00ed bez souhlasu terapeuta manipulovat s technick\u00fdm za\u0159\u00edzen\u00edm a vybaven\u00edm. Pokud by p\u0159i poru\u0161en\u00ed tohoto z\u00e1kazu do\u0161lo k\u00a0jak\u00e9koliv \u0161kod\u011b na za\u0159\u00edzen\u00ed a vybaven\u00ed v\u00a0majetku NZZ, nese za to klient plnou odpov\u011bdnost.<\/strong><\/p>\n<p><strong>Klienti jsou povinni:<\/strong><\/p>\n<ul>\n<li><strong><\/strong>dodr\u017eovat v\u0161echna aktu\u00e1ln\u011b platn\u00e1 hygienick\u00e1 opat\u0159en\u00ed na\u0159\u00edzen\u00e1 k\u00a0ochran\u011b zdrav\u00ed org\u00e1ny st\u00e1tn\u00ed spr\u00e1vy a Poskytovatelem (zejm. respektovat opat\u0159en\u00ed vyd\u00e1van\u00e1 k\u00a0ochran\u011b ve\u0159ejn\u00e9ho zdrav\u00ed v\u00a0souvislosti s\u00a0n\u00e1kazou COVID-19) a nevstupovat do NZZ s\u00a0projevy infek\u010dn\u00edch \/ naka\u017eliv\u00fdch onemocn\u011bn\u00ed<\/li>\n<li>zachov\u00e1vat hygienick\u00e9 a etick\u00e9 normy pro pobyt v NZZ, kde jsou poskytov\u00e1ny zdravotn\u00ed slu\u017eby a slu\u017eby p\u00e9\u010de o t\u011blo, t\u00e9\u017e s ohledem na bezpe\u010dnost a soukrom\u00ed dal\u0161\u00edch osob<\/li>\n<li>pou\u017e\u00edvat ochrann\u00e9, zejm. dezinfek\u010dn\u00ed prost\u0159edky p\u0159i vstupu do NZZ<\/li>\n<\/ul>\n<p><strong>Pracovn\u00edci NZZ jsou opr\u00e1vn\u011bni nevpustit klienta, p\u0159\u00edpadn\u011b neposkytnout mu objednanou slu\u017ebu, pokud klient nebude dodr\u017eovat aktu\u00e1ln\u011b platn\u00e1 hygienick\u00e1 opat\u0159en\u00ed nebo bude vykazovat p\u0159\u00edznaky infek\u010dn\u00edho \/ naka\u017eliv\u00e9ho onemocn\u011bn\u00ed.<\/strong><\/p>\n<p>N\u00e1v\u0161t\u011bvn\u00edci<strong>\u00a0<\/strong>mohou b\u00fdt vyzv\u00e1ni k\u00a0opu\u0161t\u011bn\u00ed NZZ kter\u00fdmkoliv pracovn\u00edkem pokud: \u00a0<\/p>\n<ol>\n<li>a) naru\u0161uj\u00ed \u00famysln\u00fdm jedn\u00e1n\u00edm provoz a klid,\u00a0nevhodn\u011b se chovaj\u00ed k\u00a0ostatn\u00edm osob\u00e1m a zam\u011bstnanc\u016fm, nadm\u011brn\u011b obt\u011b\u017euj\u00ed ostatn\u00ed osoby hlukem, z\u00e1pachem<\/li>\n<li>b) po\u0161kozuj\u00ed \u00famysln\u011b majetek NZZ<\/li>\n<li>d) ne\u00fam\u011brn\u011b zne\u010di\u0161\u0165uj\u00ed prostory bez n\u00e1vaznosti na poskytnut\u00ed zdravotn\u00ed slu\u017eby<\/li>\n<li>e) poru\u0161uj\u00ed v\u00fd\u0161e uveden\u00e9 z\u00e1kazy\u00a0<\/li>\n<\/ol>\n<p>Pokud n\u00e1v\u0161t\u011bvn\u00edk v\u00fdzvy neuposlechne, je k vynucen\u00ed rozhodnut\u00ed o opu\u0161t\u011bn\u00ed prostor pracovn\u00edk NZZ opr\u00e1vn\u011bn vy\u017e\u00e1dat policejn\u00ed z\u00e1krok, pokud jde o naru\u0161ov\u00e1n\u00ed ve\u0159ejn\u00e9ho po\u0159\u00e1dku (agresivn\u00ed chov\u00e1n\u00ed pod vlivem alkoholu, drog).<\/p>\n<p>Provozovatel neodpov\u00edd\u00e1 za \u0161kody vznikl\u00e9 na majetku n\u00e1v\u0161t\u011bvn\u00edk\u016f, kter\u00fd vn\u00e1\u0161\u00ed do NZZ. Nezletil\u00ed klienti vstupuj\u00ed do NZZ v\u00a0doprovodu dosp\u011bl\u00e9 osoby, kter\u00e1 je p\u0159\u00edtomna p\u0159i poskytov\u00e1n\u00ed slu\u017eeb. Odpov\u011bdnost\u00a0za chov\u00e1n\u00ed nezletil\u00fdch v\u00a0NZZ m\u00e1 jejich\u00a0dosp\u011bl\u00fd doprovod.<\/p>\n<p>N\u00e1v\u0161t\u011bvn\u00ed \u0159\u00e1d nab\u00fdv\u00e1 platnosti a \u00fa\u010dinnosti dnem 1. \u0159\u00edjna 2022.<\/p>\n<p>&nbsp;<\/p>\n<p>&nbsp;<\/p>\n<p>&nbsp;<\/p>\n<p>Za Provozovatele dne 1. \u0159\u00edjna 2022<\/p>\n<p>PhDr. Michal Peroutka, jednatel spol. Fascia Clinic Prague s.r.o.<\/p>\n<p>[\/et_pb_text][\/et_pb_column][et_pb_column _builder_version=&#8220;4.17.6&#8243; _module_preset=&#8220;default&#8220; type=&#8220;2_5&#8243; theme_builder_area=&#8220;post_content&#8220;][\/et_pb_column][\/et_pb_row][\/et_pb_section]<\/p>\n","protected":false},"excerpt":{"rendered":"<p>N\u00e1v\u0161t\u011bvn\u00ed \u0159\u00e1d NZZ Fascia Clinic Prague s.r.o. \u2013 ordinace ambulantn\u00ed fyzioterapie &nbsp; Otv\u00edrac\u00ed doba: upravena po dohod\u011b s\u00a0klienty Vstup: vstupn\u00ed dve\u0159e z\u00a0ulice do \u010dek\u00e1rny otv\u00edr\u00e1 fyzioterapeut V\u00a0provozovn\u011b plat\u00ed tyto z\u00e1kazy: kou\u0159en\u00ed,\u00a0vn\u00e1\u0161en\u00ed a konzumace alkoholu nebo jin\u00fdch n\u00e1vykov\u00fdch l\u00e1tek, vstup zv\u00ed\u0159at s v\u00fdjimkou asisten\u010dn\u00edch a vod\u00edc\u00edch ps\u016f, vn\u00e1\u0161en\u00ed nebezpe\u010dn\u00fdch p\u0159edm\u011bt\u016f a cennost\u00ed. Klienti nesm\u00ed bez souhlasu [&hellip;]<\/p>\n","protected":false},"author":1,"featured_media":0,"parent":0,"menu_order":0,"comment_status":"closed","ping_status":"closed","template":"","meta":{"_et_pb_use_builder":"on","_et_pb_old_content":"","_et_gb_content_width":"","footnotes":""},"class_list":["post-147","page","type-page","status-publish","hentry"],"_links":{"self":[{"href":"https:\/\/fascia.cz\/wordpress\/wp-json\/wp\/v2\/pages\/147","targetHints":{"allow":["GET"]}}],"collection":[{"href":"https:\/\/fascia.cz\/wordpress\/wp-json\/wp\/v2\/pages"}],"about":[{"href":"https:\/\/fascia.cz\/wordpress\/wp-json\/wp\/v2\/types\/page"}],"author":[{"embeddable":true,"href":"https:\/\/fascia.cz\/wordpress\/wp-json\/wp\/v2\/users\/1"}],"replies":[{"embeddable":true,"href":"https:\/\/fascia.cz\/wordpress\/wp-json\/wp\/v2\/comments?post=147"}],"version-history":[{"count":2,"href":"https:\/\/fascia.cz\/wordpress\/wp-json\/wp\/v2\/pages\/147\/revisions"}],"predecessor-version":[{"id":149,"href":"https:\/\/fascia.cz\/wordpress\/wp-json\/wp\/v2\/pages\/147\/revisions\/149"}],"wp:attachment":[{"href":"https:\/\/fascia.cz\/wordpress\/wp-json\/wp\/v2\/media?parent=147"}],"curies":[{"name":"wp","href":"https:\/\/api.w.org\/{rel}","templated":true}]}}