{"id":318,"date":"2023-01-16T19:59:47","date_gmt":"2023-01-16T18:59:47","guid":{"rendered":"https:\/\/fascia.cz\/wordpress\/?page_id=318"},"modified":"2023-01-30T09:37:40","modified_gmt":"2023-01-30T08:37:40","slug":"o-nas","status":"publish","type":"page","link":"https:\/\/fascia.cz\/wordpress\/o-nas\/","title":{"rendered":"O n\u00e1s"},"content":{"rendered":"<p>[et_pb_section fb_built=&#8220;1&#8243; custom_padding_last_edited=&#8220;on|phone&#8220; admin_label=&#8220;Header&#8220; _builder_version=&#8220;4.19.4&#8243; background_color=&#8220;#e61845&#8243; background_enable_image=&#8220;off&#8220; background_position=&#8220;top_center&#8220; background_vertical_offset=&#8220;21%&#8220; max_height=&#8220;100px&#8220; custom_padding=&#8220;0px|0px|0px|0px|true|true&#8220; custom_padding_tablet=&#8220;|10vw||&#8220; custom_padding_phone=&#8220;&#8220; global_colors_info=&#8220;{}&#8220; box_shadow_style__hover=&#8220;none&#8220; box_shadow_style__hover_enabled=&#8220;none&#8220; box_shadow_color__hover=&#8220;rgba(0,0,0,0.3)&#8220; box_shadow_color__hover_enabled=&#8220;rgba(0,0,0,0.3)&#8220;][et_pb_row _builder_version=&#8220;4.19.4&#8243; vertical_offset=&#8220;0px&#8220; max_width=&#8220;1400px&#8220; module_alignment=&#8220;center&#8220; custom_padding=&#8220;27px|0px|100px|0px|false|false&#8220; global_colors_info=&#8220;{}&#8220; parallax_1__hover=&#8220;off&#8220; parallax_1__hover_enabled=&#8220;off&#8220; parallax_2__hover=&#8220;off&#8220; parallax_2__hover_enabled=&#8220;off&#8220; parallax_3__hover=&#8220;off&#8220; parallax_3__hover_enabled=&#8220;off&#8220; parallax_4__hover=&#8220;off&#8220; parallax_4__hover_enabled=&#8220;off&#8220; parallax_method_1__hover=&#8220;on&#8220; parallax_method_1__hover_enabled=&#8220;on&#8220; parallax_method_2__hover=&#8220;on&#8220; parallax_method_2__hover_enabled=&#8220;on&#8220; parallax_method_3__hover=&#8220;on&#8220; parallax_method_3__hover_enabled=&#8220;on&#8220; parallax_method_4__hover=&#8220;on&#8220; parallax_method_4__hover_enabled=&#8220;on&#8220;][et_pb_column type=&#8220;4_4&#8243; _builder_version=&#8220;4.19.4&#8243; position_origin_r=&#8220;bottom_left&#8220; custom_padding=&#8220;0px|0px|0px|0px|true|true&#8220; global_colors_info=&#8220;{}&#8220; custom_padding__hover=&#8220;|||&#8220;][et_pb_post_title meta=&#8220;off&#8220; featured_image=&#8220;off&#8220; text_color=&#8220;light&#8220; _builder_version=&#8220;4.19.4&#8243; _module_preset=&#8220;default&#8220; title_text_align=&#8220;center&#8220; custom_margin=&#8220;0px|0px|0px|0px|true|true&#8220; global_colors_info=&#8220;{}&#8220;][\/et_pb_post_title][\/et_pb_column][\/et_pb_row][\/et_pb_section][et_pb_section fb_built=&#8220;1&#8243; _builder_version=&#8220;4.19.4&#8243; _module_preset=&#8220;default&#8220; global_colors_info=&#8220;{}&#8220;][et_pb_row column_structure=&#8220;3_5,2_5&#8243; _builder_version=&#8220;4.19.4&#8243; _module_preset=&#8220;default&#8220; width=&#8220;85%&#8220; max_width=&#8220;1400px&#8220; border_width_all=&#8220;20px&#8220; border_color_all=&#8220;#FFFFFF&#8220; global_colors_info=&#8220;{}&#8220;][et_pb_column type=&#8220;3_5&#8243; _builder_version=&#8220;4.19.4&#8243; _module_preset=&#8220;default&#8220; global_colors_info=&#8220;{}&#8220;][et_pb_text _builder_version=&#8220;4.19.4&#8243; _module_preset=&#8220;default&#8220; text_line_height=&#8220;1.9em&#8220; global_colors_info=&#8220;{}&#8220;]<\/p>\n<h4><strong>Fascia Clinic Prague je nest\u00e1tn\u00ed zdravotnick\u00e9 za\u0159\u00edzen\u00ed, kter\u00e9 poskytuje pacient\u016fm zdravotn\u00ed p\u00e9\u010di v\u00a0oboru Fyzioterapie formou ambulantn\u00ed p\u00e9\u010de.<\/strong><\/h4>\n<p>Zakladatelem kliniky je <a href=\".\/nas-tym\/\">PhDr. Michal Peroutka, CKTI<\/a>. Je to fyzioterapeut, kter\u00fd pat\u0159\u00ed mezi p\u0159edn\u00ed odborn\u00edky na fascie v r\u00e1mci \u010cR a SR, m\u00e1 mnohaletou klinickou praxi a zku\u0161enosti s p\u00e9\u010d\u00ed o vrcholov\u00e9 sportovce. M\u00e1 tak\u00e9 zku\u0161enosti se z\u0159izov\u00e1n\u00edm a veden\u00edm rehabilita\u010dn\u00edch za\u0159\u00edzen\u00ed v zahrani\u010d\u00ed, extern\u011b vyu\u010duje fyzioterapeuty na V\u0160 a jako lektor se dlouhodob\u011b pod\u00edl\u00ed na dal\u0161\u00edm odborn\u00e9m vzd\u011bl\u00e1v\u00e1n\u00ed zdravotnick\u00fdch pracovn\u00edk\u016f i l\u00e9ka\u0159\u016f.<\/p>\n<blockquote><\/blockquote>\n<h4><strong><em>Z<\/em><\/strong><em>dravotn\u00ed p\u00e9\u010di u n\u00e1s poskytujeme mimo syst\u00e9m zdravotn\u00ed p\u00e9\u010de hrazen\u00e9 ze zdravotn\u00edho poji\u0161t\u011bn\u00ed.<\/em><\/h4>\n<blockquote><\/blockquote>\n<p>M\u00e1me osobn\u00ed zku\u0161enosti s\u00a0nedostatky tohoto syst\u00e9mu, ve kter\u00e9m \u010dasto nen\u00ed dostatek prostoru na kvalitn\u00ed diagnostiku, b\u011b\u017en\u00e9 jsou dlouh\u00e9 objednac\u00ed doby i v\u00a0p\u0159\u00edpad\u011b akutn\u00edch pot\u00ed\u017e\u00ed \u010di po\u00farazov\u00e9ho stavu, \u010dasto nen\u00ed mo\u017en\u00e1 rehabilita\u010dn\u00ed p\u00e9\u010de p\u0159ed pl\u00e1novanou operac\u00ed. Probl\u00e9mem je tak\u00e9 kr\u00e1tk\u00fd \u010das na jednotliv\u00e9 terapie nebo nen\u00ed mo\u017en\u00e9 vyu\u017e\u00edvat nejmodern\u011bj\u0161\u00ed terapeutick\u00e9 postupy.<\/p>\n<p>Chceme a um\u00edme d\u011blat Fyzioterapii jinak, to ale v\u00a0r\u00e1mci hrazen\u00e9 zdravotn\u00ed p\u00e9\u010de nen\u00ed mo\u017en\u00e9.<\/p>\n<p>&nbsp;<\/p>\n<p>[\/et_pb_text][\/et_pb_column][et_pb_column type=&#8220;2_5&#8243; _builder_version=&#8220;4.19.4&#8243; _module_preset=&#8220;default&#8220; global_colors_info=&#8220;{}&#8220;][et_pb_image src=&#8220;https:\/\/fascia.cz\/wordpress\/wp-content\/uploads\/2023\/01\/obecne2-scaled.jpg&#8220; _builder_version=&#8220;4.19.4&#8243; _module_preset=&#8220;default&#8220; title_text=&#8220;obecne\u03012&#8243; hover_enabled=&#8220;0&#8243; sticky_enabled=&#8220;0&#8243;][\/et_pb_image][\/et_pb_column][\/et_pb_row][\/et_pb_section][et_pb_section fb_built=&#8220;1&#8243; _builder_version=&#8220;4.19.4&#8243; _module_preset=&#8220;default&#8220; background_color=&#8220;#000000&#8243; global_colors_info=&#8220;{}&#8220;][et_pb_row column_structure=&#8220;1_3,2_3&#8243; _builder_version=&#8220;4.19.4&#8243; _module_preset=&#8220;default&#8220; background_color=&#8220;RGBA(255,255,255,0)&#8220; width=&#8220;85%&#8220; max_width=&#8220;1400px&#8220; border_width_all=&#8220;20px&#8220; border_color_all=&#8220;RGBA(255,255,255,0)&#8220; global_colors_info=&#8220;{}&#8220;][et_pb_column type=&#8220;1_3&#8243; _builder_version=&#8220;4.19.4&#8243; _module_preset=&#8220;default&#8220; global_colors_info=&#8220;{}&#8220;][et_pb_image src=&#8220;https:\/\/fascia.cz\/wordpress\/wp-content\/uploads\/2023\/01\/obecne1-scaled.jpg&#8220; _builder_version=&#8220;4.19.4&#8243; _module_preset=&#8220;default&#8220; title_text=&#8220;obecne\u03011&#8243; hover_enabled=&#8220;0&#8243; sticky_enabled=&#8220;0&#8243;][\/et_pb_image][\/et_pb_column][et_pb_column type=&#8220;2_3&#8243; _builder_version=&#8220;4.19.4&#8243; _module_preset=&#8220;default&#8220; global_colors_info=&#8220;{}&#8220;][et_pb_text _builder_version=&#8220;4.19.4&#8243; _module_preset=&#8220;default&#8220; text_line_height=&#8220;1.9em&#8220; global_colors_info=&#8220;{}&#8220;]<\/p>\n<h3><span style=\"color: #ffffff;\">Co d\u011bl\u00e1me jinak?<\/span><\/h3>\n<p><span style=\"color: #ffffff;\">Hlavn\u00edm mottem na\u0161\u00ed \u010dinnosti je <em>\u201ePatient is the expert\u201c<\/em> \u2013 to vy zn\u00e1te sv\u00e9 t\u011blo nejl\u00e9pe, vy jste nejl\u00e9pe schopni popsat, jak\u00fd druh bolesti v\u00e1s tr\u00e1p\u00ed, uk\u00e1zat v\u00a0jak\u00e9m m\u00edst\u011b, na co bolest reaguje nebo nereaguje, kdy je bolest hor\u0161\u00ed nebo kdy men\u0161\u00ed. Va\u0161e t\u011blo si pamatuje mechanismus \u00farazu a mnoho dal\u0161\u00edch pro n\u00e1s podstatn\u00fdch detail\u016f.<\/span><\/p>\n<p><span style=\"color: #ffffff;\">K\u00a0n\u00e1m p\u0159ich\u00e1z\u00edte proto, abychom v\u00e1m pomohli. Na\u0161\u00edm c\u00edlem je v\u00e1s vyl\u00e9\u010dit, ne jenom l\u00e9\u010dit a to v\u00a0co mo\u017en\u00e1 nejkrat\u0161\u00edm \u010dase. V\u00edme, \u017ee rehabilitace pat\u0159\u00ed mezi zdravotnick\u00e9 obory, kde to bez vz\u00e1jemn\u00e9 d\u016fv\u011bry a aktivn\u00ed spolupr\u00e1ce pacienta s terapeutem nen\u00ed v\u017edy mo\u017en\u00e9. Proto pova\u017eujeme pacienta za sv\u00e9ho rovnocenn\u00e9ho partnera. Zaj\u00edmaj\u00ed n\u00e1s va\u0161e bolesti, obt\u00ed\u017ee, limitace v\u00a0b\u011b\u017en\u00e9m \u017eivot\u011b, v\u00a0pr\u00e1ci, ve sportu apod. a spole\u010dn\u011b s\u00a0v\u00e1mi hled\u00e1me optim\u00e1ln\u00ed a pro v\u00e1s akceptovatelnou terapii.<\/span><\/p>\n<blockquote><\/blockquote>\n<h4><em><span style=\"color: #ffffff;\">Na sv\u00e9 pacienty m\u00e1me v\u017edy dostatek \u010dasu, nab\u00edz\u00edme v\u00e1m flexibiln\u00ed pracovn\u00ed dobu, kr\u00e1tk\u00e9 objednac\u00ed doby, kter\u00e9 se u akutn\u00edch a po\u00farazov\u00fdch stav\u016f sna\u017e\u00edme zkr\u00e1tit na dva dny.<\/span><\/em><\/h4>\n<blockquote><\/blockquote>\n<p><span style=\"color: #ffffff;\">Na\u0161i terapeuti maj\u00ed vysoko\u0161kolsk\u00e9 vzd\u011bl\u00e1n\u00ed v\u00a0oboru a mnohalet\u00e9 praktick\u00e9 zku\u0161enosti, tak\u017ee dokonale znaj\u00ed tradi\u010dn\u011b pou\u017e\u00edvan\u00e9 fyzioterapeutick\u00e9 techniky a metody. Krom\u011b toho se neust\u00e1le d\u00e1le vzd\u011bl\u00e1vaj\u00ed ve sv\u00e9m oboru, absolvuj\u00ed klinick\u00e9 st\u00e1\u017ee na presti\u017en\u00edch zahrani\u010dn\u00edch pracovi\u0161t\u00edch, pod\u00edl\u00ed se i na v\u00fdzkumu n\u011bkter\u00fdch probl\u00e9m\u016f ve sv\u00e9m oboru. \u00a0Proto um\u00ed pou\u017e\u00edvat rozs\u00e1hl\u00e9 spektrum terapeutick\u00fdch postup\u016f v\u010detn\u011b nejnov\u011bj\u0161\u00edch terapeutick\u00fdch technik a maj\u00ed tedy p\u0159edpoklady vybrat pro pacienty individu\u00e1ln\u00ed terapeutick\u00fd pl\u00e1n skute\u010dn\u011b \u201ena m\u00edru\u201c jejich pot\u00ed\u017e\u00ed.<\/span><\/p>\n<p><span style=\"color: #ffffff;\">V\u011bnujeme se tak\u00e9 p\u0159ed opera\u010dn\u00ed rehabilitaci, jej\u00edm\u017e z\u00e1kladem je p\u0159ipravit pacienta na opera\u010dn\u00ed z\u00e1krok a poopera\u010dn\u00ed rehabilitaci. Nen\u00ed neobvykl\u00e9, \u017ee se n\u00e1m u n\u011bkter\u00fdch pacient\u016f da\u0159\u00ed spr\u00e1vn\u011b zvolenou a intenzivn\u00ed rehabilitac\u00ed spole\u010dn\u011b s\u00a0jejich aktivn\u00edm zapojen\u00edm nutnost operace odd\u00e1lit nebo se j\u00ed i vyhnout.<\/span><\/p>\n<p><span style=\"color: #ffffff;\">D\u00edky odborn\u00e9 spolupr\u00e1ci s\u00a0jin\u00fdmi zdravotnick\u00fdmi za\u0159\u00edzen\u00edmi a jin\u00fdmi odborn\u00edky m\u00e1me mo\u017enost urychlit va\u0161e objedn\u00e1v\u00e1n\u00ed na specializovan\u00e9 diagnostick\u00e9 metody (SONO, RTG, MRI). Pacient m\u00e1 proto mo\u017enost vyhnout se obvykle velmi dlouh\u00fdm \u010dekac\u00edm dob\u00e1m a sni\u017euje se u n\u011bj riziko chronifikace zdravotn\u00edch obt\u00ed\u017e\u00ed, akcelerace bolesti, prodlu\u017eov\u00e1n\u00ed l\u00e9\u010dby apod.<\/span><\/p>\n<p><span style=\"color: #ffffff;\">Sou\u010d\u00e1st\u00ed na\u0161\u00ed kliniky je i mal\u00e1 t\u011blocvi\u010dna, kde maj\u00ed pacienti mo\u017enost individu\u00e1ln\u011b nebo v\u00a0mal\u00fdch skupink\u00e1ch pod odborn\u00fdm dohledem pokra\u010dovat v\u00a0dol\u00e9\u010den\u00ed sv\u00fdch pot\u00ed\u017e\u00ed vhodn\u011b zvolen\u00fdm cvi\u010den\u00edm nebo cvi\u010dit preventivn\u011b (LTV).<\/span><\/p>\n<p><span style=\"color: #ffffff;\">\u00a0<\/span><\/p>\n<p>[\/et_pb_text][\/et_pb_column][\/et_pb_row][\/et_pb_section][et_pb_section fb_built=&#8220;1&#8243; _builder_version=&#8220;4.19.4&#8243; _module_preset=&#8220;default&#8220; background_color=&#8220;#FFFFFF&#8220; global_colors_info=&#8220;{}&#8220;][et_pb_row column_structure=&#8220;3_5,2_5&#8243; _builder_version=&#8220;4.19.4&#8243; _module_preset=&#8220;default&#8220; width=&#8220;85%&#8220; max_width=&#8220;1400px&#8220; border_width_all=&#8220;20px&#8220; border_color_all=&#8220;#FFFFFF&#8220; global_colors_info=&#8220;{}&#8220;][et_pb_column type=&#8220;3_5&#8243; _builder_version=&#8220;4.19.4&#8243; _module_preset=&#8220;default&#8220; global_colors_info=&#8220;{}&#8220;][et_pb_text _builder_version=&#8220;4.19.4&#8243; _module_preset=&#8220;default&#8220; text_line_height=&#8220;1.9em&#8220; global_colors_info=&#8220;{}&#8220;]<\/p>\n<h3>V \u010dem jsme v\u00fdjime\u010dn\u00ed?<\/h3>\n<p>Krom\u011b tradi\u010dn\u011b pou\u017e\u00edvan\u00fdch fyzioterapeutick\u00fdch technik pou\u017e\u00edv\u00e1me i n\u011bkolik metod, kter\u00e9 zat\u00edm nejsou v\u00a0\u010cR obvykl\u00e9, nebo jsme zde dokonce pr\u016fkopn\u00edky jejich pou\u017e\u00edv\u00e1n\u00ed.<\/p>\n<p>Specializujeme se na pr\u00e1ci s\u00a0fasciemi a jejich terapi\u00ed. Pou\u017e\u00edv\u00e1me specifick\u00fd diagnosticko-terapeutick\u00fd model s\u00a0n\u00e1zvem <a href=\".\/pouzivane-terapie\/#fdm\">Fascial Distortion Model (FDM)<\/a> , kter\u00fd je zalo\u017een na individu\u00e1ln\u00edm a velmi specifick\u00e9m principu diagnostiky a n\u00e1sledn\u00e9 l\u00e9\u010dby bolesti, chronick\u00e9 bolesti nebo disfunkce pohybov\u00e9ho apar\u00e1tu. Mezi nejv\u011bt\u0161\u00ed benefity FDM pat\u0159\u00ed efektivn\u00ed a ve v\u011bt\u0161in\u011b p\u0159\u00edpad\u016f tak\u00e9 velmi rychl\u00e1 pomoc od bolesti pohybov\u00e9ho apar\u00e1tu za pomoci manu\u00e1ln\u00ed terapie \u2013 a to i v p\u0159\u00edpadech, \u017ee tyto stavy u pacienta p\u0159etrv\u00e1valy dlouhodob\u011b a nebylo mo\u017en\u00e9 je vy\u0159e\u0161it tradi\u010dn\u011b pou\u017e\u00edvan\u00fdmi terapiemi.<\/p>\n<p>Zakladatel kliniky je pr\u016fkopn\u00edkem pou\u017e\u00edv\u00e1n\u00ed FDM na \u00fazem\u00ed \u010cR a SR. Absolvoval cel\u00fd syst\u00e9m v\u00fduky t\u00e9to metody v\u010detn\u011b \u0159ady klinick\u00fdch zahrani\u010dn\u00edch st\u00e1\u017e\u00ed a mezin\u00e1rodn\u00ed certifikaci. Trvale spolupracuje s\u00a0Evropskou asociac\u00ed FDM a poda\u0159ilo se mu p\u0159in\u00e9st v\u00fduku FDM do \u010cR a SR na kter\u00e9 se aktivn\u011b pod\u00edl\u00ed.<\/p>\n<p>Pou\u017e\u00edv\u00e1me terapeutickou metodu <a href=\".\/pouzivane-terapie\/#kinesio\">Kinesio Taping\u00ae<\/a> . Pravd\u011bpodobn\u011b si \u0159eknete, \u017ee to nen\u00ed nic v\u00fdjime\u010dn\u00e9ho, proto\u017ee kinesiotaping nab\u00edz\u00ed \u0159ada dal\u0161\u00edch za\u0159\u00edzen\u00ed. Pro\u010d jsme tedy v\u00fdjime\u010dn\u00ed?\u00a0 Na rozd\u00edl od v\u011bt\u0161iny ostatn\u00edch pou\u017e\u00edv\u00e1me pouze skute\u010dnou a aktu\u00e1ln\u00ed podobu KTM. Krom\u011b dokonal\u00e9 znalost\u00ed rozs\u00e1hl\u00e9ho spektra terapeutick\u00fdch mo\u017enost\u00ed KTM to znamen\u00e1, \u017ee pro jej\u00ed aplikaci pou\u017e\u00edv\u00e1me pouze pru\u017en\u00e9 tejpy zna\u010dky Kinesio\u00ae, kter\u00e9 jsou jako jedin\u00e9 ned\u00edlnou sou\u010d\u00e1st\u00ed metody, vynalezl a vyr\u00e1b\u00ed je p\u0159\u00edmo autor metody v takov\u00e9 kvalit\u011b, kter\u00e1 umo\u017e\u0148uje prov\u00e1d\u011bt v\u0161echny aplikace KTM. Nepou\u017e\u00edv\u00e1me \u017e\u00e1dnou z mnoha napodobenin tejp\u016f Kinesio\u00ae a to ani v p\u0159\u00edpad\u011b, \u017ee si je pacient p\u0159inese s\u00e1m. V p\u0159\u00edpad\u011b pot\u0159eby v\u00e1m u n\u00e1s KTM aplikuje terapeut nejpovolan\u011bj\u0161\u00ed, proto\u017ee je \u010dlenem pracovn\u00edho t\u00fdmu autora metody, pod\u00edl\u00ed se s\u00e1m na jej\u00edm neust\u00e1le prob\u00edhaj\u00edc\u00edm v\u00fdzkumu a sou\u010dasn\u011b je prvn\u00edm odborn\u00edkem, kter\u00fd m\u00e1 od autora metody opr\u00e1vn\u011bn\u00ed tuto metodu na \u00fazem\u00ed \u010cR a SR u\u010dit dal\u0161\u00ed terapeuty. Dokonalou znalost skute\u010dn\u00e9 podoby KTM maj\u00ed v\u0161ichni \u010dlenov\u00e9 na\u0161eho t\u00fdmu. Do\u010dasn\u011b v\u00e1m aplikaci KTM v p\u0159\u00edpad\u011b pot\u0159eby budeme poskytovat jako sou\u010d\u00e1st p\u0159\u00edslu\u0161n\u00e9 terapie \u2013 nebudete tedy kinesiotaping platit zvl\u00e1\u0161\u0165.<\/p>\n<p>Pou\u017e\u00edv\u00e1me unik\u00e1tn\u00ed a specifickou metodu <a href=\".\/pouzivane-terapie\/#kaatsu\">KAATSU<\/a>, kter\u00e1 umo\u017e\u0148uje rychl\u00fd n\u00e1vrat do p\u016fvodn\u00ed kondice po zran\u011bn\u00ed, je vhodn\u00e1 pro lidi s omezenou hybnost\u00ed, intern\u00edmi probl\u00e9my nebo pro seniory, kte\u0159\u00ed nemohou cvi\u010dit a maj\u00ed proto probl\u00e9my se zachov\u00e1n\u00edm funk\u010dn\u00edch a siln\u00fdch sval\u016f.<\/p>\n<p>Velmi zjednodu\u0161en\u011b to je za\u0159\u00edzen\u00ed, kter\u00e9 umo\u017e\u0148uje tlakem omezit pr\u016ftok krve v\u00a0pa\u017e\u00edch a noh\u00e1ch a sou\u010dasn\u011b s\u00a0t\u00edm jednoduch\u00fdm cvi\u010den\u00edm bez z\u00e1t\u011b\u017ee dosahovat takov\u00fdch fyziologick\u00fdch zm\u011bn a v\u00fdsledk\u016f, jako p\u0159i tvrd\u00e9m tr\u00e9ninku s\u00a0velk\u00fdmi z\u00e1t\u011b\u017eemi. Jedn\u00e1 se o klinicky ov\u011b\u0159enou, unik\u00e1tn\u00ed a revolu\u010dn\u00ed metodu, kterou sv\u011btu p\u0159edstavil Dr. Yoshiaki Sato z\u00a0Japonska.<\/p>\n<p>KAATSU je metoda, kter\u00e1 vznikla p\u0159ed v\u00edce jak 50ti lety a ve sv\u011bte se st\u00e1le \u010dast\u011bji pou\u017e\u00edv\u00e1 ve sportovn\u00edm prost\u0159ed\u00ed i ve zdravotnictv\u00ed. V\u00a0\u010cR je to metoda zat\u00edm t\u00e9m\u011b\u0159 nezn\u00e1m\u00e1 a v\u00a0sou\u010dasnosti na sv\u011bt\u011b neexistuje jin\u00e1 metoda \/ jin\u00fd zp\u016fsob, jak BEZPE\u010cN\u011a dos\u00e1hnout mnoha fyziologick\u00fdch efekt\u016f na lidsk\u00e9 t\u011blo jako m\u00e1 pr\u00e1v\u011b KAATSU.<\/p>\n<p>Pokud terapeut rozhodne, \u017ee by pro v\u00e1s byla tato metoda vhodn\u00e1, doporu\u010d\u00edme v\u00e1m jej\u00ed pou\u017e\u00edv\u00e1n\u00ed v\u00a0na\u0161\u00ed ordinaci. Tuto metodu u n\u00e1s m\u016f\u017eete vyu\u017e\u00edvat i kdy\u017e nem\u00e1te zdravotn\u00ed pot\u00ed\u017ee, ale zaj\u00edm\u00e1te se o zlep\u0161en\u00ed funkce va\u0161eho metabolismu, zkvalitn\u011bn\u00ed svalov\u00e9 hmoty, zlep\u0161en\u00ed krevn\u00edho ob\u011bhu a mnoho dal\u0161\u00edho.<\/p>\n<p>Pro testov\u00e1n\u00ed m\u00e1me mo\u017enost pou\u017e\u00edvat nov\u00fd zp\u016fsob testov\u00e1n\u00ed pohybu lidsk\u00e9ho t\u011bla, kter\u00fd m\u00e1 n\u00e1zev <a href=\".\/pouzivane-terapie\/#mat\">Movement Assessment Tool \u2013 M.A.T.<\/a> V odborn\u00fdch kruz\u00edch v \u010cR se jedn\u00e1 o t\u00e9m\u011b\u0159 nezn\u00e1m\u00fd koncept, jeho p\u0159esnost je v\u0161ak dostate\u010dn\u011b ov\u011b\u0159ena klinick\u00fdmi testy.<\/p>\n<p>V\u00fdhoda MAT proti dosud b\u011b\u017en\u011b pou\u017e\u00edvan\u00fdm test\u016fm je v\u00a0tom, \u017ee testuje p\u0159\u00edslu\u0161nou \u010d\u00e1st t\u011bla z\u00a0pohledu aktivn\u00edho funk\u010dn\u00edho pohybu, m\u00e1 jasnou hodnot\u00edc\u00ed \u0161k\u00e1lu a nespol\u00e9h\u00e1 se na subjektivn\u00ed hodnocen\u00ed terapeuta. Vyhodnocen\u00ed M.A.T. test\u016f pacientovi pom\u016f\u017ee p\u0159i aktivn\u00edm zapojen\u00ed do vlastn\u00ed terapie a hodnocen\u00ed zm\u011bn jeho zdravotn\u00edho stavu.<\/p>\n<p>[\/et_pb_text][\/et_pb_column][et_pb_column type=&#8220;2_5&#8243; _builder_version=&#8220;4.19.4&#8243; _module_preset=&#8220;default&#8220; global_colors_info=&#8220;{}&#8220;][et_pb_image src=&#8220;https:\/\/fascia.cz\/wordpress\/wp-content\/uploads\/2023\/01\/obecne3-scaled.jpg&#8220; _builder_version=&#8220;4.19.4&#8243; _module_preset=&#8220;default&#8220; title_text=&#8220;obecne\u03013&#8243; hover_enabled=&#8220;0&#8243; sticky_enabled=&#8220;0&#8243;][\/et_pb_image][\/et_pb_column][\/et_pb_row][\/et_pb_section]<\/p>\n","protected":false},"excerpt":{"rendered":"<p>Fascia Clinic Prague je nest\u00e1tn\u00ed zdravotnick\u00e9 za\u0159\u00edzen\u00ed, kter\u00e9 poskytuje pacient\u016fm zdravotn\u00ed p\u00e9\u010di v\u00a0oboru Fyzioterapie formou ambulantn\u00ed p\u00e9\u010de. Zakladatelem kliniky je PhDr. Michal Peroutka, CKTI. Je to fyzioterapeut, kter\u00fd pat\u0159\u00ed mezi p\u0159edn\u00ed odborn\u00edky na fascie v r\u00e1mci \u010cR a SR, m\u00e1 mnohaletou klinickou praxi a zku\u0161enosti s p\u00e9\u010d\u00ed o vrcholov\u00e9 sportovce. M\u00e1 tak\u00e9 zku\u0161enosti se z\u0159izov\u00e1n\u00edm [&hellip;]<\/p>\n","protected":false},"author":1,"featured_media":0,"parent":0,"menu_order":0,"comment_status":"closed","ping_status":"closed","template":"","meta":{"_et_pb_use_builder":"on","_et_pb_old_content":"","_et_gb_content_width":"","footnotes":""},"class_list":["post-318","page","type-page","status-publish","hentry"],"_links":{"self":[{"href":"https:\/\/fascia.cz\/wordpress\/wp-json\/wp\/v2\/pages\/318","targetHints":{"allow":["GET"]}}],"collection":[{"href":"https:\/\/fascia.cz\/wordpress\/wp-json\/wp\/v2\/pages"}],"about":[{"href":"https:\/\/fascia.cz\/wordpress\/wp-json\/wp\/v2\/types\/page"}],"author":[{"embeddable":true,"href":"https:\/\/fascia.cz\/wordpress\/wp-json\/wp\/v2\/users\/1"}],"replies":[{"embeddable":true,"href":"https:\/\/fascia.cz\/wordpress\/wp-json\/wp\/v2\/comments?post=318"}],"version-history":[{"count":15,"href":"https:\/\/fascia.cz\/wordpress\/wp-json\/wp\/v2\/pages\/318\/revisions"}],"predecessor-version":[{"id":436,"href":"https:\/\/fascia.cz\/wordpress\/wp-json\/wp\/v2\/pages\/318\/revisions\/436"}],"wp:attachment":[{"href":"https:\/\/fascia.cz\/wordpress\/wp-json\/wp\/v2\/media?parent=318"}],"curies":[{"name":"wp","href":"https:\/\/api.w.org\/{rel}","templated":true}]}}