{"id":384,"date":"2023-01-30T08:42:55","date_gmt":"2023-01-30T07:42:55","guid":{"rendered":"https:\/\/fascia.cz\/wordpress\/?page_id=384"},"modified":"2023-01-30T08:43:49","modified_gmt":"2023-01-30T07:43:49","slug":"gdpr","status":"publish","type":"page","link":"https:\/\/fascia.cz\/wordpress\/gdpr\/","title":{"rendered":"GDPR"},"content":{"rendered":"<p>[et_pb_section fb_built=&#8220;1&#8243; custom_padding_last_edited=&#8220;on|phone&#8220; admin_label=&#8220;Header&#8220; _builder_version=&#8220;4.19.4&#8243; background_color=&#8220;#e61845&#8243; background_enable_image=&#8220;off&#8220; background_position=&#8220;top_center&#8220; background_vertical_offset=&#8220;21%&#8220; max_height=&#8220;100px&#8220; custom_padding=&#8220;0px|0px|0px|0px|true|true&#8220; custom_padding_tablet=&#8220;|10vw||&#8220; custom_padding_phone=&#8220;&#8220; global_colors_info=&#8220;{}&#8220; box_shadow_style__hover=&#8220;none&#8220; box_shadow_style__hover_enabled=&#8220;none&#8220; box_shadow_color__hover=&#8220;rgba(0,0,0,0.3)&#8220; box_shadow_color__hover_enabled=&#8220;rgba(0,0,0,0.3)&#8220;][et_pb_row _builder_version=&#8220;4.19.4&#8243; vertical_offset=&#8220;0px&#8220; max_width=&#8220;1400px&#8220; module_alignment=&#8220;center&#8220; custom_padding=&#8220;27px|0px|100px|0px|false|false&#8220; global_colors_info=&#8220;{}&#8220; parallax_1__hover=&#8220;off&#8220; parallax_1__hover_enabled=&#8220;off&#8220; parallax_2__hover=&#8220;off&#8220; parallax_2__hover_enabled=&#8220;off&#8220; parallax_3__hover=&#8220;off&#8220; parallax_3__hover_enabled=&#8220;off&#8220; parallax_4__hover=&#8220;off&#8220; parallax_4__hover_enabled=&#8220;off&#8220; parallax_method_1__hover=&#8220;on&#8220; parallax_method_1__hover_enabled=&#8220;on&#8220; parallax_method_2__hover=&#8220;on&#8220; parallax_method_2__hover_enabled=&#8220;on&#8220; parallax_method_3__hover=&#8220;on&#8220; parallax_method_3__hover_enabled=&#8220;on&#8220; parallax_method_4__hover=&#8220;on&#8220; parallax_method_4__hover_enabled=&#8220;on&#8220;][et_pb_column type=&#8220;4_4&#8243; _builder_version=&#8220;4.19.4&#8243; position_origin_r=&#8220;bottom_left&#8220; custom_padding=&#8220;0px|0px|0px|0px|true|true&#8220; global_colors_info=&#8220;{}&#8220; custom_padding__hover=&#8220;|||&#8220;][et_pb_post_title meta=&#8220;off&#8220; featured_image=&#8220;off&#8220; text_color=&#8220;light&#8220; _builder_version=&#8220;4.19.4&#8243; _module_preset=&#8220;default&#8220; title_text_align=&#8220;center&#8220; custom_margin=&#8220;0px|0px|0px|0px|true|true&#8220; global_colors_info=&#8220;{}&#8220;][\/et_pb_post_title][\/et_pb_column][\/et_pb_row][\/et_pb_section][et_pb_section fb_built=&#8220;1&#8243; _builder_version=&#8220;4.19.4&#8243; _module_preset=&#8220;default&#8220; global_colors_info=&#8220;{}&#8220;][et_pb_row column_structure=&#8220;3_5,2_5&#8243; _builder_version=&#8220;4.19.4&#8243; _module_preset=&#8220;default&#8220; width=&#8220;85%&#8220; max_width=&#8220;1400px&#8220; border_width_all=&#8220;20px&#8220; border_color_all=&#8220;#FFFFFF&#8220; global_colors_info=&#8220;{}&#8220;][et_pb_column type=&#8220;3_5&#8243; _builder_version=&#8220;4.19.4&#8243; _module_preset=&#8220;default&#8220; global_colors_info=&#8220;{}&#8220;][et_pb_text _builder_version=&#8220;4.19.4&#8243; _module_preset=&#8220;default&#8220; text_line_height=&#8220;1.9em&#8220; global_colors_info=&#8220;{}&#8220;]<\/p>\n<h3><strong>Z\u00c1SADY OCHRANY OSOBN\u00cdCH \u00daDAJ\u016e<\/strong><\/h3>\n<p>Tyto Z\u00e1sady popisuj\u00ed na\u0161e pravidla a postupy, kter\u00fdmi se \u0159\u00edd\u00edme p\u0159i zpracov\u00e1n\u00ed va\u0161ich osobn\u00edch \u00fadaj\u016f a informuj\u00ed v\u00e1s o va\u0161ich pr\u00e1vech na ochranu osobn\u00edch \u00fadaj\u016f v\u00a0souladu s\u00a0platn\u00fdmi p\u0159edpisy v\u00a0t\u00e9to oblasti.<\/p>\n<p>Va\u0161e osobn\u00ed \u00fadaje pou\u017e\u00edv\u00e1me z\u00a0d\u016fvod\u016f poskytov\u00e1n\u00ed a zlep\u0161ov\u00e1n\u00ed na\u0161ich slu\u017eeb. Pou\u017e\u00edv\u00e1n\u00edm slu\u017eby souhlas\u00edte se zpracov\u00e1n\u00edm va\u0161ich osobn\u00edch \u00fadaj\u016f v souladu s t\u011bmito Z\u00e1sadami ochrany osobn\u00edch \u00fadaj\u016f.<\/p>\n<p>Spr\u00e1vcem va\u0161ich osobn\u00edch \u00fadaj\u016f je spole\u010dnost Fascia Clinic Prague s.r.o. (d\u00e1le jen \u201eSpole\u010dnost\u201c). Spole\u010dnost provozuje nest\u00e1tn\u00ed zdravotnick\u00e9 za\u0159\u00edzen\u00ed \u2013 obor ambulantn\u00ed Fyzioterapie se s\u00eddlem provozovny na adrese Praha 10 \u2013 Doln\u00ed M\u011bcholupy, Honz\u00edkova 670\/14. Hlavn\u00edm p\u0159edm\u011btem na\u0161\u00ed \u010dinnosti je poskytov\u00e1n\u00ed zdravotn\u00edch slu\u017eeb ve smyslu z\u00e1kona \u010d. 372\/2011 Sb., o zdravotn\u00edch slu\u017eb\u00e1ch a navazuj\u00edc\u00edch pr\u00e1vn\u00edch p\u0159edpis\u016f.<\/p>\n<p>POU\u017d\u00cdVAN\u00c9 POJMY A JEJICH V\u00ddZNAM<\/p>\n<ul>\n<li>spr\u00e1vce osobn\u00edch \u00fadaj\u016f je subjekt, kter\u00fd ur\u010duje \u00fa\u010dely, pravidla a prost\u0159edky zpracov\u00e1n\u00ed osobn\u00edch \u00fadaj\u016f. V p\u0159\u00edpad\u011b zpracov\u00e1n\u00ed Va\u0161ich osobn\u00edch \u00fadaj\u016f v rozsahu uveden\u00e9m v\u00a0t\u011bchto Z\u00e1sad\u00e1ch je spr\u00e1vcem Va\u0161ich osobn\u00edch \u00fadaj\u016f Spole\u010dnost.<\/li>\n<li>subjekt \u00fadaj\u016f je fyzick\u00e1 osoba, o kter\u00e9 zpracov\u00e1v\u00e1me osobn\u00ed \u00fadaje \u2013 tedy Vy, pokud jste na\u0161imi klienty nebo n\u00e1v\u0161t\u011bvn\u00edky webu.<\/li>\n<li>osobn\u00ed \u00fadaje jsou jak\u00e9koli informace o Va\u0161\u00ed osob\u011b, kter\u00e9 V\u00e1s identifikuj\u00ed \u010di umo\u017e\u0148uj\u00ed identifikovat.<\/li>\n<li>citliv\u00e9 osobn\u00ed \u00fadaje jsou osobn\u00ed \u00fadaje, kter\u00e9 vypov\u00eddaj\u00ed o rasov\u00e9m \u010di etnick\u00e9m p\u016fvodu, politick\u00fdch n\u00e1zorech, n\u00e1bo\u017eensk\u00e9m vyzn\u00e1n\u00ed \u010di filozofick\u00e9m p\u0159esv\u011bd\u010den\u00ed nebo \u010dlenstv\u00ed v odborech, genetick\u00e9 \u00fadaje, biometrick\u00e9 \u00fadaje, \u00fadaje o zdravotn\u00edm stavu \u010di o sexu\u00e1ln\u00edm \u017eivot\u011b nebo sexu\u00e1ln\u00ed orientaci fyzick\u00e9 osoby, a \u00fadaje o trestn\u00e9 \u010dinnosti \u010di jin\u00e9 intimn\u00ed \u00fadaje.<\/li>\n<li>zpracov\u00e1n\u00ed osobn\u00edch \u00fadaj\u016f je jak\u00fdkoliv zp\u016fsob nakl\u00e1d\u00e1n\u00ed s osobn\u00edmi \u00fadaji (nap\u0159. jejich shrom\u00e1\u017ed\u011bn\u00ed, zaznamen\u00e1n\u00ed, uspo\u0159\u00e1d\u00e1n\u00ed, strukturov\u00e1n\u00ed, ulo\u017een\u00ed, p\u0159izp\u016fsoben\u00ed nebo pozm\u011bn\u011bn\u00ed, vyhled\u00e1n\u00ed, nahl\u00e9dnut\u00ed, pou\u017eit\u00ed, zp\u0159\u00edstupn\u011bn\u00ed p\u0159enosem, \u0161\u00ed\u0159en\u00ed nebo jak\u00e9koliv jin\u00e9 zp\u0159\u00edstupn\u011bn\u00ed, se\u0159azen\u00ed \u010di zkombinov\u00e1n\u00ed, omezen\u00ed, v\u00fdmaz nebo zni\u010den\u00ed).<\/li>\n<\/ul>\n<p>Z\u00c1KLADN\u00cd Z\u00c1SADY ZPRACOV\u00c1N\u00cd OSOBN\u00cdCH \u00daDAJ\u016e<\/p>\n<p>Ukl\u00e1d\u00e1me a zpracov\u00e1v\u00e1me Va\u0161e osobn\u00ed \u00fadaje pouze pro z\u00e1kony stanoven\u00e9, v\u00fdslovn\u011b vyj\u00e1d\u0159en\u00e9 a legitimn\u00ed \u00fa\u010dely a sou\u010dasn\u011b je d\u00e1le nezpracov\u00e1v\u00e1me zp\u016fsobem, kter\u00fd je s t\u011bmito \u00fa\u010dely neslu\u010diteln\u00fd. Zpracov\u00e1v\u00e1me Va\u0161e osobn\u00ed \u00fadaje pouze v\u00a0rozsahu a po dobu, kter\u00e9 jsou pro uveden\u00e9 \u00fa\u010dely po\u017eadovan\u00e9 a nezbytn\u00e9.<\/p>\n<p>Zpracov\u00e1v\u00e1me va\u0161e osobn\u00ed \u00fadaje pouze zp\u016fsobem zaji\u0161\u0165uj\u00edc\u00edm jejich n\u00e1le\u017eit\u00e9 zabezpe\u010den\u00ed p\u0159ed neopr\u00e1vn\u011bn\u00fdm \u010di protipr\u00e1vn\u00edm zpracov\u00e1n\u00edm, p\u0159ed n\u00e1hodnou ztr\u00e1tou, zni\u010den\u00edm nebo po\u0161kozen\u00edm.<\/p>\n<p>Va\u0161e osobn\u00ed \u00fadaje nep\u0159ed\u00e1v\u00e1me t\u0159et\u00edm stran\u00e1m krom\u011b situac\u00ed, kdy to po n\u00e1s vy\u017eaduj\u00ed platn\u00e9 z\u00e1kony.<\/p>\n<p>Neseme odpov\u011bdnost za dodr\u017eov\u00e1n\u00ed v\u00fd\u0161e uveden\u00fdch z\u00e1sad zpracov\u00e1n\u00ed a za soulad zpracov\u00e1n\u00ed Va\u0161ich osobn\u00edch \u00fadaj\u016f v souladu s pr\u00e1vn\u00edmi p\u0159edpisy.<\/p>\n<p>JAK\u00c9 OSOBN\u00cd \u00daDAJE ZPRACOV\u00c1V\u00c1ME<\/p>\n<p>M\u016f\u017eeme o V\u00e1s zpracov\u00e1vat n\u00e1sleduj\u00edc\u00ed osobn\u00ed \u00fadaje):<\/p>\n<ol>\n<li>Identifika\u010dn\u00ed \u00fadaje, kter\u00e9 slou\u017e\u00ed k identifikaci a pro kontaktov\u00e1n\u00ed va\u0161\u00ed osoby<\/li>\n<li>\u00dadaje o z\u00e1konn\u00fdch z\u00e1stupc\u00edch nezletil\u00fdch a nesv\u00e9pr\u00e1vn\u00fdch pacient\u016f<\/li>\n<li>Citliv\u00e9 osobn\u00ed \u00fadaje \u2013 to znamen\u00e1 \u00fadaje o poskytov\u00e1n\u00ed zdravotn\u00ed p\u00e9\u010de (slu\u017eeb), va\u0161em zdravotn\u00edm stavu a \u00fadaje, kter\u00e9 jsou nezbytn\u00e9 pro veden\u00ed zdravotnick\u00e9 dokumentace<\/li>\n<li>\u00dadaje o evidenci v objedn\u00e1vkov\u00e9m syst\u00e9mu<\/li>\n<li>Smluvn\u00ed \u00fadaje o dod\u00e1van\u00fdch slu\u017eb\u00e1ch, vz\u00e1jemn\u00fdch n\u00e1roc\u00edch a souvisej\u00edc\u00edch po\u017eadavc\u00edch<\/li>\n<\/ol>\n<p>JAK Z\u00cdSK\u00c1V\u00c1ME VA\u0160E OSOBN\u00cd \u00daDAJE<\/p>\n<p>Prim\u00e1rn\u00edm zdrojem va\u0161ich osobn\u00edch \u00fadaje jste vy osobn\u011b. P\u0159ed\u00e1v\u00e1te n\u00e1m je p\u0159i uzav\u00edr\u00e1n\u00ed smlouvy o poskytov\u00e1n\u00ed na\u0161ich slu\u017eeb a p\u0159i p\u0159ed\u00e1n\u00ed informac\u00ed o Va\u0161em zdravotn\u00edm stavu.<\/p>\n<p>Dal\u0161\u00edm zdrojem m\u016f\u017ee b\u00fdt objednatel \u2013 tj. osoba, kter\u00e1 ve v\u00e1\u0161 prosp\u011bch uzav\u0159ela s na\u0161\u00ed Spole\u010dnost\u00ed smlouvu o poskytov\u00e1n\u00ed slu\u017eeb.<\/p>\n<p>Va\u0161e osobn\u00ed \u00fadaje m\u016f\u017eeme rovn\u011b\u017e z\u00edskat od jin\u00fdch poskytovatel\u016f zdravotn\u00edch slu\u017eeb, a to v souvislosti s p\u00e9\u010d\u00ed o va\u0161e zdrav\u00ed.<\/p>\n<p>&nbsp;<\/p>\n<p>PR\u00c1VN\u00cd D\u016eVODY A \u00da\u010cELY ZPRACOV\u00c1N\u00cd OSOBN\u00cdCH \u00daDAJ\u016e<\/p>\n<p>Va\u0161e osobn\u00ed \u00fadaje zpracov\u00e1v\u00e1me na z\u00e1klad\u011b pr\u00e1vn\u00edch d\u016fvod\u016f (to znamen\u00e1 po\u017eadavk\u016f, kter\u00e9 mus\u00edme plnit v\u00a0souladu se z\u00e1kony, kter\u00e9 reguluj\u00ed na\u0161i \u010dinnost).<\/p>\n<p>Zejm\u00e9na se jedn\u00e1 o tyto d\u016fvody:<\/p>\n<ul>\n<li>pln\u011bn\u00ed smlouvy: pokud jste s n\u00e1mi uzav\u0159eli smlouvu (objednali jste na\u0161i slu\u017ebu), je zpracov\u00e1n\u00ed Va\u0161ich osobn\u00edch \u00fadaj\u016f zalo\u017eeno p\u0159edev\u0161\u00edm na t\u00e9to smlouv\u011b. Bez tohoto zpracov\u00e1n\u00ed Va\u0161ich osobn\u00edch \u00fadaj\u016f by v\u016fbec nebylo mo\u017eno zm\u00edn\u011bnou smlouvu uzav\u0159\u00edt a n\u00e1sledn\u011b ji plnit (tj. poskytovat V\u00e1m sjednan\u00e9 slu\u017eby).<\/li>\n<\/ul>\n<p>\u2013 \u00a0\u00a0pln\u011bn\u00ed pr\u00e1vn\u00ed povinnosti stanoven\u00e9 Spole\u010dnosti pr\u00e1vn\u00edmi p\u0159edpisy (nap\u0159\u00edklad Z\u00e1kona o zdravotn\u00edch slu\u017eb\u00e1ch, veden\u00ed \u00fa\u010detn\u00ed a da\u0148ov\u00e9 dokumentace apod.)<\/p>\n<p>\u2013\u00a0 Evidence st\u00ed\u017enost\u00ed a evidence dokumentaci souvisej\u00edc\u00ed s vy\u0159\u00edzen\u00ed st\u00ed\u017enosti pacienta.<\/p>\n<p>\u2013 Veden\u00ed zdravotnick\u00e9 dokumentace<\/p>\n<p>\u2013 Archivnace<\/p>\n<p>\u2013 Evidence a hl\u00e1\u0161en\u00ed ne\u017e\u00e1douc\u00edch p\u0159\u00edhod a ne\u017e\u00e1douc\u00edch \u00fa\u010dink\u016f<\/p>\n<p>\u2013\u00a0 Sou\u010dinnost s org\u00e1ny ve\u0159ejn\u00e9 moci<\/p>\n<p>\u2013 Zpracov\u00e1n\u00ed osobn\u00edch \u00fadaj\u016f pro ochranu Va\u0161ich \u017eivotn\u011b d\u016fle\u017eit\u00fdch z\u00e1jm\u016f (nebo jin\u00e9 fyzick\u00e9 osoby)<\/p>\n<p>\u2013 Z d\u016fvodu opr\u00e1vn\u011bn\u00fdch z\u00e1jm\u016f Spole\u010dnosti, do kter\u00fdch pat\u0159\u00ed i marketing a propagace<\/p>\n<p>\u2013 Na z\u00e1klad\u011b Va\u0161eho souhlasu<\/p>\n<p>&nbsp;<\/p>\n<p>KOMU VA\u0160E OSOBN\u00cd \u00daDAJE P\u0158ED\u00c1V\u00c1ME<\/p>\n<p>Va\u0161e osobn\u00ed \u00fadaje jsou v souvislosti se shora uveden\u00fdmi d\u016fvody zpracov\u00e1n\u00ed p\u0159ed\u00e1v\u00e1ny t\u0159et\u00edm osob\u00e1m pouze v\u00a0p\u0159\u00edpadech, kdy n\u00e1s k\u00a0tomu nut\u00ed pr\u00e1vn\u00ed p\u0159edpisy.<\/p>\n<p>Na osobn\u00ed \u00fadaje veden\u00e9 ve zdravotn\u00ed dokumentaci v souvislosti s poskytov\u00e1n\u00edm zdravotn\u00edch slu\u017eeb se vztahuje povinnost ml\u010denlivosti (zakotveno zejm\u00e9na v Z\u00e1kon\u011b o zdravotn\u00edch slu\u017eb\u00e1ch, vyhl\u00e1\u0161ce \u010d. 98\/2012 Sb., o zdravotnick\u00e9 dokumentaci a dal\u0161\u00edch pr\u00e1vn\u00edch p\u0159edpis\u016f (d\u00e1le jen \u201eVyhl\u00e1\u0161ka o zdravotnick\u00e9 dokumentaci\u201c), upravuj\u00edc\u00edch oblast ochrany osobn\u00edch \u00fadaj\u016f). Tyto osobn\u00ed \u00fadaje mohou b\u00fdt p\u0159ed\u00e1ny v\u00e1m, v\u00e1mi ur\u010den\u00fdm osob\u00e1m, pop\u0159. z\u00e1konn\u00fdm z\u00e1stupc\u016fm nebo v\u00a0p\u0159\u00edpadech, kdy n\u00e1m to stanov\u00ed z\u00e1kon. Zdravotn\u00ed dokumentaci vedeme v\u00a0pap\u00edrov\u00e9 podob\u011b a db\u00e1me na jej\u00ed bezpe\u010dn\u00e9 ulo\u017een\u00ed.<\/p>\n<p>&nbsp;<\/p>\n<p>DOBA ULO\u017dEN\u00cd (ZPRACOV\u00c1N\u00cd) OSOBN\u00cdCH\u00daDAJ\u016e<\/p>\n<p>Va\u0161e osobn\u00ed \u00fadaje zpracov\u00e1v\u00e1me pouze po dobu ur\u010denou pr\u00e1vn\u00edmi p\u0159edpisy, a to zejm\u00e9na da\u0148ov\u00fdmi a \u00fa\u010detn\u00edmi p\u0159edpisy.<\/p>\n<p>Zdravotnickou dokumentaci uchov\u00e1v\u00e1me po dobu stanovenou ve Vyhl\u00e1\u0161ce o zdravotnick\u00e9 dokumentaci. Po uplynut\u00ed p\u0159edepsan\u00e9 lh\u016fty na jej\u00ed uchov\u00e1v\u00e1n\u00ed je zdravotnick\u00e1 dokumentace bezpe\u010dn\u00fdm zp\u016fsobem likvidov\u00e1na (skartov\u00e1na), aby nemohlo doj\u00edt k jej\u00edmu zneu\u017eit\u00ed. Seznam vy\u0159azen\u00e9 zdravotnick\u00e9 dokumentace je veden v souladu s Vyhl\u00e1\u0161kou o zdravotnick\u00e9 dokumentaci a obsahuje z\u00e1kladn\u00ed \u00fadaje o pacientovi, jeho\u017e zdravotnick\u00e1 dokumentace byla skartov\u00e1na.<\/p>\n<p>AUTOMATIZOVAN\u00c9 ROZHODOV\u00c1N\u00cd ANI PROFILOV\u00c1N\u00cd p\u0159i zpracov\u00e1n\u00ed va\u0161ich osobn\u00edch \u00fadaj\u016f neprov\u00e1d\u00edme. Neprov\u00e1d\u00edme pravideln\u00e9 a systematick\u00e9 monitorov\u00e1n\u00ed subjekt\u016f osobn\u00edch \u00fadaj\u016f.<\/p>\n<p>ODKAZY NA JIN\u00c9 WEBOV\u00c9 STR\u00c1NKY: V p\u0159\u00edpad\u011b, \u017ee jsou na webov\u00fdch str\u00e1nk\u00e1ch Spole\u010dnosti uvedeny odkazy na webov\u00e9 str\u00e1nky provozovan\u00e9 t\u0159et\u00edmi osobami, jsou webov\u00e9 str\u00e1nky t\u0159et\u00edch osob zcela nez\u00e1visl\u00e9 a jsou zcela mimo jakoukoli kontrolu Spole\u010dnosti. Spole\u010dnost tak \u017e\u00e1dn\u00fdm zp\u016fsobem neodpov\u00edd\u00e1 za obsah jak\u00fdchkoli webov\u00fdch str\u00e1nek t\u0159et\u00edch stran.<\/p>\n<p>&nbsp;<\/p>\n<p>VA\u0160E PR\u00c1VA<\/p>\n<p>PR\u00c1VO ODVOLAT SOUHLAS SE ZPRACOV\u00c1N\u00cdM OSOBN\u00cdCH \u00daDAJ\u016e: V p\u0159\u00edpad\u011b, \u017ee zpracov\u00e1v\u00e1me va\u0161e osobn\u00ed \u00fadaje na z\u00e1klad\u011b va\u0161eho souhlasu, m\u00e1te pr\u00e1vo sv\u016fj souhlas se zpracov\u00e1n\u00edm va\u0161ich osobn\u00edch \u00fadaj\u016f kdykoli odvolat, a to prost\u0159ednictv\u00edm emailov\u00e9 adresy info@fascia.cz. \u00a0V\u00e1\u0161 souhlas m\u016f\u017eete odvolat v cel\u00e9m rozsahu nebo jen \u010d\u00e1ste\u010dn\u011b ve vztahu k jen n\u011bkter\u00fdm va\u0161im osobn\u00edm \u00fadaj\u016fm nebo jen n\u011bkter\u00fdm \u00fa\u010del\u016fm zpracov\u00e1n\u00ed.<\/p>\n<p>PR\u00c1VO NA P\u0158\u00cdSTUP K OSOBN\u00cdM \u00daDAJ\u016eM: M\u00e1te pr\u00e1vo z\u00edskat p\u0159\u00edstup k va\u0161im osobn\u00edm \u00fadaj\u016fm. P\u0159\u00edstup ke zpracov\u00e1van\u00fdm osobn\u00edm \u00fadaj\u016fm v\u00e1m poskytneme na po\u017e\u00e1d\u00e1n\u00ed prost\u0159ednictv\u00edm emailov\u00e9 adresy<span>\u00a0<\/span><a href=\"mailto:info@fascia.cz\">info@fascia.cz<\/a><span>\u00a0<\/span>t\u00edm, \u017ee v\u00e1m vyd\u00e1me kopii zpracov\u00e1van\u00fdch osobn\u00edch \u00fadaj\u016f. Poskytnut\u00ed prvn\u00ed kopie je bezplatn\u00e9.<\/p>\n<p>PR\u00c1VO NA OPRAVU A DOPLN\u011aN\u00cd OSOBN\u00cdCH \u00daDAJ\u016e: M\u00e1te pr\u00e1vo na to, abychom bez zbyte\u010dn\u00e9ho odkladu opravili nep\u0159esn\u00e9 osobn\u00ed \u00fadaje t\u00fdkaj\u00edc\u00ed se va\u0161\u00ed osoby. S p\u0159ihl\u00e9dnut\u00edm k \u00fa\u010del\u016fm zpracov\u00e1n\u00ed m\u00e1te t\u00e9\u017e pr\u00e1vo na dopln\u011bn\u00ed ne\u00fapln\u00fdch osobn\u00edch \u00fadaj\u016f, a to i poskytnut\u00edm dodate\u010dn\u00e9ho prohl\u00e1\u0161en\u00ed.<\/p>\n<p>PR\u00c1VO NA V\u00ddMAZ: M\u00e1te pr\u00e1vo na to, abychom bez zbyte\u010dn\u00e9ho odkladu vymazali va\u0161e osobn\u00ed \u00fadaje, pokud sou\u010dasn\u011b neexistuje \u017e\u00e1dn\u00fd pr\u00e1vn\u00ed d\u016fvod na z\u00e1klad\u011b kter\u00e9ho je zpracov\u00e1v\u00e1me.<\/p>\n<p>PR\u00c1VO NA OMEZEN\u00cd ZPRACOV\u00c1N\u00cd: M\u00e1te pr\u00e1vo na to, abychom omezili zpracov\u00e1n\u00ed va\u0161ich osobn\u00edch \u00fadaj\u016f, pokud to nebude v\u00a0rozporu s\u00a0\u017e\u00e1dn\u00fdm pr\u00e1vn\u00edm d\u016fvodem na z\u00e1klad\u011b kter\u00e9ho je zpracov\u00e1v\u00e1me<\/p>\n<p>PR\u00c1VO NA P\u0158ENOSITELNOST \u00daDAJ\u016e: M\u00e1te pr\u00e1vo po n\u00e1s vy\u017eadovat, abychom p\u0159edali va\u0161e osobn\u00ed \u00fadaje (kter\u00e9 jste n\u00e1m sami poskytli) jin\u00e9mu spr\u00e1vci. To v\u0161ak pouze v\u00a0p\u0159\u00edpad\u011b, \u017ee zpracov\u00e1n\u00ed va\u0161ich osobn\u00edch \u00fadaj\u016f je zalo\u017eeno na Va\u0161em souhlasu nebo na pln\u011bn\u00ed smlouvy mezi Spole\u010dnost\u00ed a va\u0161\u00ed osobou a sou\u010dasn\u011b je na\u0161e Spole\u010dnost zpracov\u00e1v\u00e1 automatizovan\u011b (tedy nikoliv manu\u00e1ln\u011b).<\/p>\n<p>PR\u00c1VO VZN\u00c9ST N\u00c1MITKU: M\u00e1te pr\u00e1vo kdykoli vzn\u00e9st n\u00e1mitku proti zpracov\u00e1n\u00ed va\u0161ich osobn\u00edch \u00fadaj\u016f zalo\u017een\u00e9mu na va\u0161em opr\u00e1vn\u011bn\u00e9m z\u00e1jmu. V p\u0159\u00edpad\u011b uplatn\u011bn\u00ed t\u00e9to n\u00e1mitky nebudeme va\u0161e osobn\u00ed \u00fadaje d\u00e1le zpracov\u00e1vat, leda\u017ee bychom prok\u00e1zali z\u00e1va\u017en\u00e9 opr\u00e1vn\u011bn\u00e9 d\u016fvody pro takov\u00e9 zpracov\u00e1n\u00ed, kter\u00e9 by p\u0159eva\u017eovaly nad va\u0161imi z\u00e1jmy nebo pr\u00e1vy a svobodami, nebo by to bylo nezbytn\u00e9 pro ur\u010den\u00ed, v\u00fdkon nebo obhajobu pr\u00e1vn\u00edch n\u00e1rok\u016f.<\/p>\n<p>PR\u00c1VO PODAT ST\u00cd\u017dNOST U DOZOROV\u00c9HO ORG\u00c1NU: M\u00e1te pr\u00e1vo obr\u00e1tit se na \u00da\u0159ad pro ochranu osobn\u00edch \u00fadaj\u016f jako dozorov\u00fd \u00fa\u0159ad v oblasti ochrany osobn\u00edch \u00fadaj\u016f, pokud m\u00e1te pochybnosti o z\u00e1konn\u00e9m zpracov\u00e1n\u00ed va\u0161ich osobn\u00edch \u00fadaj\u016f \u010di nevyhov\u00ed-li Spole\u010dnost va\u0161\u00ed \u017e\u00e1dosti t\u00fdkaj\u00edc\u00ed se va\u0161ich osobn\u00edch \u00fadaj\u016f \u00a0Nevyhov\u00ed-li \u00da\u0159ad na ochranu osobn\u00edch \u00fadaj\u016f Va\u0161\u00ed st\u00ed\u017enosti, p\u0159\u00edpadn\u011b se j\u00ed v\u016fbec nebude zab\u00fdvat nebo nebude-li v\u00e1s informovat do t\u0159\u00ed m\u011bs\u00edc\u016f o pokroku v \u0159e\u0161en\u00ed va\u0161\u00ed st\u00ed\u017enosti, m\u00e1te proti takov\u00e9mu postupu \u00da\u0159adu na ochranu osobn\u00edch \u00fadaj\u016f pr\u00e1vo na soudn\u00ed ochranu.<\/p>\n<p>PR\u00c1VO NA SOUDN\u00cd OCHRANU: V p\u0159\u00edpad\u011b pochybnosti o z\u00e1konn\u00e9m zpracov\u00e1n\u00ed va\u0161ich osobn\u00edch \u00fadaj\u016f \u010di v p\u0159\u00edpad\u011b zji\u0161t\u011bn\u00ed poru\u0161en\u00ed va\u0161ich pr\u00e1v v souvislosti se zpracov\u00e1n\u00edm va\u0161ich osobn\u00edch \u00fadaj\u016f m\u00e1te pr\u00e1vo na \u00fa\u010dinnou soudn\u00ed ochranu.<\/p>\n<p>ZP\u016eSOB UPLAT\u0147OV\u00c1N\u00cd PR\u00c1V SUBJEKT\u016e \u00daDAJ\u016e: Va\u0161e \u017e\u00e1dosti ve v\u011bci jak\u00fdchkoliv va\u0161ich pr\u00e1v v souvislosti se zpracov\u00e1n\u00edm osobn\u00edch \u00fadaj\u016f ze strany Spole\u010dnost\u00ed (d\u00e1le jen \u201e\u017d\u00e1dost(i)\u201c) m\u016f\u017eete uplatnit u Spole\u010dnosti prost\u0159ednictv\u00edm emailov\u00e9 adresy<span>\u00a0<\/span><a href=\"mailto:info@fascia.cz\">info@fascia.cz<\/a>.\u00a0 Z va\u0161\u00ed \u017d\u00e1dosti mus\u00ed b\u00fdt z\u0159ejm\u00e9, \u017ee tuto \u017d\u00e1dost pod\u00e1v\u00e1te vy a o co Spole\u010dnost \u017e\u00e1d\u00e1te. Spole\u010dnost od v\u00e1s m\u016f\u017ee po\u017eadovat bli\u017e\u0161\u00ed konkretizaci \u017d\u00e1dosti.<\/p>\n<p>VY\u0158IZOV\u00c1N\u00cd \u017d\u00c1DOST\u00cd SUBJEKT\u016e \u00daDAJ\u016e: Nen\u00ed-li v\u00a0t\u011bchto Z\u00e1sad\u00e1ch v\u00fdslovn\u011b uvedeno jinak, je vy\u0159izov\u00e1n\u00ed va\u0161ich \u017d\u00e1dost\u00ed a p\u0159ij\u00edm\u00e1n\u00ed jak\u00fdchkoliv n\u00e1sledn\u00fdch opat\u0159en\u00ed prov\u00e1d\u011bno bez\u00faplatn\u011b. P\u0159ijet\u00ed \u017d\u00e1dosti bude bez zbyte\u010dn\u00e9ho odkladu potvrzeno Spole\u010dnost\u00ed emailovou po\u0161tou \u010di jin\u00fdm vhodn\u00fdm zp\u016fsobem. \u00a0Zjevn\u011b ned\u016fvodn\u00e9 nebo nep\u0159im\u011b\u0159en\u00e9 \u017d\u00e1dosti (zejm\u00e9na opakuj\u00edc\u00ed se \u017d\u00e1dosti) mohou b\u00fdt zpoplatn\u011bny p\u0159im\u011b\u0159en\u00fdm poplatkem (s ohledem na administrativn\u00ed n\u00e1klady) \u010di odm\u00edtnuty.<\/p>\n<p>\u017d\u00e1dosti jsou vy\u0159izov\u00e1ny do jednoho m\u011bs\u00edce ode dne p\u0159ijet\u00ed \u017d\u00e1dosti. Ve v\u00fdjime\u010dn\u00fdch p\u0159\u00edpadech zejm\u00e9na s ohledem na slo\u017eitost m\u016f\u017ee b\u00fdt tato lh\u016fta prodlou\u017eena, a to maxim\u00e1ln\u011b o dal\u0161\u00ed dva m\u011bs\u00edce. O takov\u00e9m v\u00fdjime\u010dn\u00e9m prodlou\u017een\u00ed lh\u016fty k vy\u0159\u00edzen\u00ed \u017d\u00e1dosti v\u00e1s budeme informovat, a to nejpozd\u011bji ve lh\u016ft\u011b jednoho m\u011bs\u00edce ode dne p\u0159ijet\u00ed va\u0161\u00ed \u017d\u00e1dosti, a to sou\u010dasn\u011b s d\u016fvody pro takov\u00fd odklad. V p\u0159\u00edpad\u011b odm\u00edtnut\u00ed va\u0161eho po\u017eadavku v\u00e1s budeme o tomto informovat a rovn\u011b\u017e v\u00e1s budeme informovat o mo\u017enosti podat st\u00ed\u017enost u dozorov\u00e9ho \u00fa\u0159adu a \u017e\u00e1dat o soudn\u00ed ochranu.<\/p>\n<p>KONTAKTN\u00cd \u00daDAJE SPOLE\u010cNOSTI<\/p>\n<p>Pokud budete m\u00edt jak\u00e9koliv dotazy t\u00fdkaj\u00edc\u00ed se problematiky zpracov\u00e1n\u00ed Va\u0161ich osobn\u00edch \u00fadaj\u016f a jejich ochrany, nebo budete cht\u00edt uplatnit va\u0161e Pr\u00e1va, kontaktujte n\u00e1s prost\u0159ednictv\u00edm emailov\u00e9 adresy<span>\u00a0<\/span><a href=\"mailto:info@fascia.cz\">info@fascia.cz<\/a>.<\/p>\n<p>&nbsp;<\/p>\n<p>Datum zve\u0159ejn\u011bn\u00ed Z\u00e1sad: 28. 9. 2022<\/p>\n<p>[\/et_pb_text][\/et_pb_column][et_pb_column type=&#8220;2_5&#8243; _builder_version=&#8220;4.19.4&#8243; _module_preset=&#8220;default&#8220; global_colors_info=&#8220;{}&#8220;][\/et_pb_column][\/et_pb_row][\/et_pb_section]<\/p>\n","protected":false},"excerpt":{"rendered":"<p>Z\u00c1SADY OCHRANY OSOBN\u00cdCH \u00daDAJ\u016e Tyto Z\u00e1sady popisuj\u00ed na\u0161e pravidla a postupy, kter\u00fdmi se \u0159\u00edd\u00edme p\u0159i zpracov\u00e1n\u00ed va\u0161ich osobn\u00edch \u00fadaj\u016f a informuj\u00ed v\u00e1s o va\u0161ich pr\u00e1vech na ochranu osobn\u00edch \u00fadaj\u016f v\u00a0souladu s\u00a0platn\u00fdmi p\u0159edpisy v\u00a0t\u00e9to oblasti. Va\u0161e osobn\u00ed \u00fadaje pou\u017e\u00edv\u00e1me z\u00a0d\u016fvod\u016f poskytov\u00e1n\u00ed a zlep\u0161ov\u00e1n\u00ed na\u0161ich slu\u017eeb. Pou\u017e\u00edv\u00e1n\u00edm slu\u017eby souhlas\u00edte se zpracov\u00e1n\u00edm va\u0161ich osobn\u00edch \u00fadaj\u016f v souladu s [&hellip;]<\/p>\n","protected":false},"author":1,"featured_media":0,"parent":0,"menu_order":0,"comment_status":"closed","ping_status":"closed","template":"","meta":{"_et_pb_use_builder":"on","_et_pb_old_content":"","_et_gb_content_width":"","footnotes":""},"class_list":["post-384","page","type-page","status-publish","hentry"],"_links":{"self":[{"href":"https:\/\/fascia.cz\/wordpress\/wp-json\/wp\/v2\/pages\/384","targetHints":{"allow":["GET"]}}],"collection":[{"href":"https:\/\/fascia.cz\/wordpress\/wp-json\/wp\/v2\/pages"}],"about":[{"href":"https:\/\/fascia.cz\/wordpress\/wp-json\/wp\/v2\/types\/page"}],"author":[{"embeddable":true,"href":"https:\/\/fascia.cz\/wordpress\/wp-json\/wp\/v2\/users\/1"}],"replies":[{"embeddable":true,"href":"https:\/\/fascia.cz\/wordpress\/wp-json\/wp\/v2\/comments?post=384"}],"version-history":[{"count":2,"href":"https:\/\/fascia.cz\/wordpress\/wp-json\/wp\/v2\/pages\/384\/revisions"}],"predecessor-version":[{"id":386,"href":"https:\/\/fascia.cz\/wordpress\/wp-json\/wp\/v2\/pages\/384\/revisions\/386"}],"wp:attachment":[{"href":"https:\/\/fascia.cz\/wordpress\/wp-json\/wp\/v2\/media?parent=384"}],"curies":[{"name":"wp","href":"https:\/\/api.w.org\/{rel}","templated":true}]}}